{"id":3224,"date":"2023-08-26T12:11:59","date_gmt":"2023-08-26T10:11:59","guid":{"rendered":"https:\/\/wellnesshotel.sonnenhof-sonnhalde.de\/?page_id=3224"},"modified":"2025-06-02T14:44:06","modified_gmt":"2025-06-02T12:44:06","slug":"heures-douverture","status":"publish","type":"page","link":"https:\/\/sonnenhof-sonnhalde.de\/fr\/oeffnungszeiten\/","title":{"rendered":"Heures d'ouverture"},"content":{"rendered":"<div data-elementor-type=\"wp-page\" data-elementor-id=\"3224\" class=\"elementor elementor-3224\" data-elementor-post-type=\"page\">\n\t\t\t\t<div class=\"elementor-element elementor-element-0a332c9 e-con-full e-flex e-con e-parent\" data-id=\"0a332c9\" data-element_type=\"container\" data-e-type=\"container\" data-settings=\"{&quot;background_background&quot;:&quot;video&quot;,&quot;background_video_start&quot;:2,&quot;background_video_end&quot;:15}\">\n\t\t\t\t<div class=\"elementor-element elementor-element-ef680e0 elementor-widget elementor-widget-spacer\" data-id=\"ef680e0\" data-element_type=\"widget\" data-e-type=\"widget\" data-widget_type=\"spacer.default\">\n\t\t\t\t<div class=\"elementor-widget-container\">\n\t\t\t\t\t\t\t<div class=\"elementor-spacer\">\n\t\t\t<div class=\"elementor-spacer-inner\"><\/div>\n\t\t<\/div>\n\t\t\t\t\t\t<\/div>\n\t\t\t\t<\/div>\n\t\t\t\t<div class=\"elementor-element elementor-element-4e5e2a6 elementor-widget elementor-widget-image\" data-id=\"4e5e2a6\" data-element_type=\"widget\" data-e-type=\"widget\" data-widget_type=\"image.default\">\n\t\t\t\t<div class=\"elementor-widget-container\">\n\t\t\t\t\t\t\t\t\t\t\t\t\t\t\t<img decoding=\"async\" src=\"https:\/\/sonnenhof-sonnhalde.de\/wp-content\/uploads\/elementor\/thumbs\/Sonnenhof_Logo_nur_Sonne_ohne_weissen_Hintergrund-qqqkytivrflqdy2nwtqz02hb4z7sdu35cmzhfsbecg.webp\" title=\"Sonnenhof_Logo_seulement_soleil_sans_fond_blanc.webp\" alt=\"Sonnenhof_Logo_seulement_soleil_sans_fond_blanc.webp\" loading=\"lazy\" \/>\t\t\t\t\t\t\t\t\t\t\t\t\t\t\t<\/div>\n\t\t\t\t<\/div>\n\t\t\t\t<div class=\"elementor-element elementor-element-bbf5d9f elementor-widget elementor-widget-spacer\" data-id=\"bbf5d9f\" data-element_type=\"widget\" data-e-type=\"widget\" data-widget_type=\"spacer.default\">\n\t\t\t\t<div class=\"elementor-widget-container\">\n\t\t\t\t\t\t\t<div class=\"elementor-spacer\">\n\t\t\t<div class=\"elementor-spacer-inner\"><\/div>\n\t\t<\/div>\n\t\t\t\t\t\t<\/div>\n\t\t\t\t<\/div>\n\t\t\t\t<div class=\"elementor-element elementor-element-9cc3ca5 elementor-widget-mobile__width-initial elementor-widget__width-initial elementor-widget elementor-widget-heading\" data-id=\"9cc3ca5\" data-element_type=\"widget\" data-e-type=\"widget\" data-widget_type=\"heading.default\">\n\t\t\t\t<div class=\"elementor-widget-container\">\n\t\t\t\t\t<h2 class=\"elementor-heading-title elementor-size-default\">Qui a tourn\u00e9 l'horloge...<\/h2>\t\t\t\t<\/div>\n\t\t\t\t<\/div>\n\t\t\t\t<div class=\"elementor-element elementor-element-d798051 elementor-widget__width-inherit elementor-widget elementor-widget-heading\" data-id=\"d798051\" data-element_type=\"widget\" data-e-type=\"widget\" data-widget_type=\"heading.default\">\n\t\t\t\t<div class=\"elementor-widget-container\">\n\t\t\t\t\t<h1 class=\"elementor-heading-title elementor-size-default\">Heures d'ouverture<\/h1>\t\t\t\t<\/div>\n\t\t\t\t<\/div>\n\t\t\t\t<\/div>\n\t\t<div class=\"elementor-element elementor-element-3ed0038 e-flex e-con-boxed e-con e-parent\" data-id=\"3ed0038\" data-element_type=\"container\" data-e-type=\"container\">\n\t\t\t\t\t<div class=\"e-con-inner\">\n\t\t\t\t<div class=\"elementor-element elementor-element-9032b9d elementor-widget elementor-widget-spacer\" data-id=\"9032b9d\" data-element_type=\"widget\" data-e-type=\"widget\" data-widget_type=\"spacer.default\">\n\t\t\t\t<div class=\"elementor-widget-container\">\n\t\t\t\t\t\t\t<div class=\"elementor-spacer\">\n\t\t\t<div class=\"elementor-spacer-inner\"><\/div>\n\t\t<\/div>\n\t\t\t\t\t\t<\/div>\n\t\t\t\t<\/div>\n\t\t\t\t\t<\/div>\n\t\t\t\t<\/div>\n\t\t<div class=\"elementor-element elementor-element-1a39272 e-flex e-con-boxed e-con e-parent\" data-id=\"1a39272\" data-element_type=\"container\" data-e-type=\"container\">\n\t\t\t\t\t<div class=\"e-con-inner\">\n\t\t\t\t<div class=\"elementor-element elementor-element-5e97b2b elementor-cta--layout-image-right elementor-cta--valign-middle animated-fast elementor-widget-mobile__width-initial elementor-cta--skin-classic elementor-animated-content elementor-widget elementor-widget-call-to-action\" data-id=\"5e97b2b\" data-element_type=\"widget\" data-e-type=\"widget\" data-settings=\"{&quot;_animation&quot;:&quot;none&quot;,&quot;_animation_delay&quot;:750}\" data-widget_type=\"call-to-action.default\">\n\t\t\t\t<div class=\"elementor-widget-container\">\n\t\t\t\t\t\t\t<div class=\"elementor-cta\">\n\t\t\t\t\t\t\t<div class=\"elementor-cta__content\">\n\t\t\t\t\t\t\t\t\t<div class=\"elementor-content-item elementor-cta__content-item elementor-cta__image\">\n\t\t\t\t\t\t<img decoding=\"async\" width=\"150\" height=\"150\" src=\"https:\/\/sonnenhof-sonnhalde.de\/wp-content\/uploads\/2024\/07\/Sonnenhof_Logo_nur_Sonne_ohne_weissen_Hintergrund-150x150.webp\" class=\"attachment-thumbnail size-thumbnail wp-image-7436\" alt=\"\" srcset=\"https:\/\/sonnenhof-sonnhalde.de\/wp-content\/uploads\/2024\/07\/Sonnenhof_Logo_nur_Sonne_ohne_weissen_Hintergrund-150x150.webp 150w, https:\/\/sonnenhof-sonnhalde.de\/wp-content\/uploads\/2024\/07\/Sonnenhof_Logo_nur_Sonne_ohne_weissen_Hintergrund-300x300.webp 300w, https:\/\/sonnenhof-sonnhalde.de\/wp-content\/uploads\/2024\/07\/elementor\/thumbs\/Sonnenhof_Logo_nur_Sonne_ohne_weissen_Hintergrund-qqqkytivrflqdy2nwtqz02hb4z7sdu35cmzhfsbecg.webp 240w, https:\/\/sonnenhof-sonnhalde.de\/wp-content\/uploads\/2024\/07\/Sonnenhof_Logo_nur_Sonne_ohne_weissen_Hintergrund.webp 348w\" sizes=\"(max-width: 150px) 100vw, 150px\" title=\"\">\t\t\t\t\t<\/div>\n\t\t\t\t\n\t\t\t\t\t\t\t\t\t<h2 class=\"elementor-cta__title elementor-cta__content-item elementor-content-item\">\n\t\t\t\t\t\tVous pr\u00e9voyez un s\u00e9jour dans notre h\u00f4tel ?\t\t\t\t\t<\/h2>\n\t\t\t\t\n\t\t\t\t\t\t\t\t\t<div class=\"elementor-cta__description elementor-cta__content-item elementor-content-item\">\n\t\t\t\t\t\tR\u00e9servez ici en ligne et \u00e9conomisez jusqu'\u00e0 35 % !\t\t\t\t\t<\/div>\n\t\t\t\t\n\t\t\t\t\t\t\t\t\t<div class=\"elementor-cta__button-wrapper elementor-cta__content-item elementor-content-item\">\n\t\t\t\t\t<a class=\"elementor-cta__button elementor-button elementor-size-\" href=\"https:\/\/reservations.hotel-spider.com\/01G57de3b1de7690\/\" target=\"_blank\" rel=\"nofollow noopener\">\n\t\t\t\t\t\tV\u00e9rifier la disponibilit\u00e9\t\t\t\t\t<\/a>\n\t\t\t\t\t<\/div>\n\t\t\t\t\t\t\t<\/div>\n\t\t\t\t\t\t<\/div>\n\t\t\t\t\t\t<\/div>\n\t\t\t\t<\/div>\n\t\t\t\t\t<\/div>\n\t\t\t\t<\/div>\n\t\t<div class=\"elementor-element elementor-element-6ffd4d9 e-flex e-con-boxed e-con e-parent\" data-id=\"6ffd4d9\" data-element_type=\"container\" data-e-type=\"container\">\n\t\t\t\t\t<div class=\"e-con-inner\">\n\t\t\t\t<div class=\"elementor-element elementor-element-fbcac46 elementor-widget elementor-widget-spacer\" data-id=\"fbcac46\" data-element_type=\"widget\" data-e-type=\"widget\" data-widget_type=\"spacer.default\">\n\t\t\t\t<div class=\"elementor-widget-container\">\n\t\t\t\t\t\t\t<div class=\"elementor-spacer\">\n\t\t\t<div class=\"elementor-spacer-inner\"><\/div>\n\t\t<\/div>\n\t\t\t\t\t\t<\/div>\n\t\t\t\t<\/div>\n\t\t\t\t\t<\/div>\n\t\t\t\t<\/div>\n\t\t<div class=\"elementor-element elementor-element-9585b19 e-flex e-con-boxed e-con e-parent\" data-id=\"9585b19\" data-element_type=\"container\" data-e-type=\"container\">\n\t\t\t\t\t<div class=\"e-con-inner\">\n\t\t\t\t<div class=\"elementor-element elementor-element-c3128fd elementor-widget-mobile__width-initial elementor-widget elementor-widget-heading\" data-id=\"c3128fd\" data-element_type=\"widget\" data-e-type=\"widget\" data-widget_type=\"heading.default\">\n\t\t\t\t<div class=\"elementor-widget-container\">\n\t\t\t\t\t<h2 class=\"elementor-heading-title elementor-size-default\">Aper\u00e7u des heures d'ouverture<\/h2>\t\t\t\t<\/div>\n\t\t\t\t<\/div>\n\t\t\t\t\t<\/div>\n\t\t\t\t<\/div>\n\t\t<div class=\"elementor-element elementor-element-75c4829 e-flex e-con-boxed e-con e-parent\" data-id=\"75c4829\" data-element_type=\"container\" data-e-type=\"container\">\n\t\t\t\t\t<div class=\"e-con-inner\">\n\t\t\t\t<div class=\"elementor-element elementor-element-f2ae070 elementor-widget elementor-widget-spacer\" data-id=\"f2ae070\" data-element_type=\"widget\" data-e-type=\"widget\" data-widget_type=\"spacer.default\">\n\t\t\t\t<div class=\"elementor-widget-container\">\n\t\t\t\t\t\t\t<div class=\"elementor-spacer\">\n\t\t\t<div class=\"elementor-spacer-inner\"><\/div>\n\t\t<\/div>\n\t\t\t\t\t\t<\/div>\n\t\t\t\t<\/div>\n\t\t\t\t\t<\/div>\n\t\t\t\t<\/div>\n\t\t<div class=\"elementor-element elementor-element-ac995bd e-grid elementor-hidden-mobile e-con-boxed e-con e-parent\" data-id=\"ac995bd\" data-element_type=\"container\" data-e-type=\"container\" data-settings=\"{&quot;background_background&quot;:&quot;classic&quot;}\">\n\t\t\t\t\t<div class=\"e-con-inner\">\n\t\t<div class=\"elementor-element elementor-element-659c788 e-grid e-con-full e-con e-child\" data-id=\"659c788\" data-element_type=\"container\" data-e-type=\"container\" data-settings=\"{&quot;background_background&quot;:&quot;classic&quot;}\">\n\t\t\t\t<div class=\"elementor-element elementor-element-b374694 elementor-widget elementor-widget-text-editor\" data-id=\"b374694\" data-element_type=\"widget\" data-e-type=\"widget\" data-widget_type=\"text-editor.default\">\n\t\t\t\t<div class=\"elementor-widget-container\">\n\t\t\t\t\t\t\t\t\t<h5><span style=\"color: #666666;\">Commencer la journ\u00e9e avec une \u00e9nergie positive<\/span><\/h5><h2><span style=\"color: #666666;\">Buffet de petit d\u00e9jeuner campagnard<\/span><\/h2><p>Le buffet du petit d\u00e9jeuner campagnard de la For\u00eat-Noire vous propose un grand choix de plats chauds et froids, des produits frais et r\u00e9gionaux, un grand assortiment de th\u00e9s, des sp\u00e9cialit\u00e9s de caf\u00e9 et une s\u00e9lection de boissons. M\u00eame les l\u00e8ve-tard trouveront leur compte chez nous, car le buffet est \u00e0 votre disposition de 07h00 \u00e0 10h00. Vous pouvez choisir librement votre place dans le salon, le lounge ou sur les terrasses.<\/p>\t\t\t\t\t\t\t\t<\/div>\n\t\t\t\t<\/div>\n\t\t\t\t<div class=\"elementor-element elementor-element-3dbe28a elementor-widget elementor-widget-button\" data-id=\"3dbe28a\" data-element_type=\"widget\" data-e-type=\"widget\" data-widget_type=\"button.default\">\n\t\t\t\t<div class=\"elementor-widget-container\">\n\t\t\t\t\t\t\t\t\t<div class=\"elementor-button-wrapper\">\n\t\t\t\t\t<a class=\"elementor-button elementor-size-sm\" role=\"button\">\n\t\t\t\t\t\t<span class=\"elementor-button-content-wrapper\">\n\t\t\t\t\t\t\t\t\t<span class=\"elementor-button-text\">\ud83d\udd51 07:00 - 10:00 heures<\/span>\n\t\t\t\t\t<\/span>\n\t\t\t\t\t<\/a>\n\t\t\t\t<\/div>\n\t\t\t\t\t\t\t\t<\/div>\n\t\t\t\t<\/div>\n\t\t\t\t<\/div>\n\t\t\t\t<div class=\"elementor-element elementor-element-8d47fac elementor-widget elementor-widget-image\" data-id=\"8d47fac\" data-element_type=\"widget\" data-e-type=\"widget\" data-widget_type=\"image.default\">\n\t\t\t\t<div class=\"elementor-widget-container\">\n\t\t\t\t\t\t\t\t\t\t\t\t\t\t\t<img decoding=\"async\" src=\"https:\/\/sonnenhof-sonnhalde.de\/wp-content\/uploads\/elementor\/thumbs\/3-qqqohha32mlppys8j0hh1a0frv6t83j9r16uk76nxc.webp\" title=\"3.webp\" alt=\"3.webp\" loading=\"lazy\" \/>\t\t\t\t\t\t\t\t\t\t\t\t\t\t\t<\/div>\n\t\t\t\t<\/div>\n\t\t\t\t<div class=\"elementor-element elementor-element-1528a4e elementor-widget elementor-widget-image\" data-id=\"1528a4e\" data-element_type=\"widget\" data-e-type=\"widget\" data-widget_type=\"image.default\">\n\t\t\t\t<div class=\"elementor-widget-container\">\n\t\t\t\t\t\t\t\t\t\t\t\t\t\t\t<img decoding=\"async\" src=\"https:\/\/sonnenhof-sonnhalde.de\/wp-content\/uploads\/elementor\/thumbs\/2-3-qqv9t3tgi9xi0xpr7mx0rem6twdqyv2tcuhqsune74.webp\" title=\"2\" alt=\"2\" loading=\"lazy\" \/>\t\t\t\t\t\t\t\t\t\t\t\t\t\t\t<\/div>\n\t\t\t\t<\/div>\n\t\t<div class=\"elementor-element elementor-element-4b73258 e-grid e-con-full e-con e-child\" data-id=\"4b73258\" data-element_type=\"container\" data-e-type=\"container\" data-settings=\"{&quot;background_background&quot;:&quot;classic&quot;}\">\n\t\t\t\t<div class=\"elementor-element elementor-element-28a1d2b elementor-widget elementor-widget-text-editor\" data-id=\"28a1d2b\" data-element_type=\"widget\" data-e-type=\"widget\" data-widget_type=\"text-editor.default\">\n\t\t\t\t<div class=\"elementor-widget-container\">\n\t\t\t\t\t\t\t\t\t<h5><span style=\"color: #666666;\">Se d\u00e9tendre \u00e0 800 m\u00e8tres<\/span><\/h5><h2><span style=\"color: #666666;\">Espace bien-\u00eatre<\/span><\/h2><p>Se calmer... se d\u00e9tendre... profiter...<br \/>Voici ce que vous offre en un coup d'\u0153il l'espace bien-\u00eatre de la maison principale Sonnhalde, r\u00e9parti sur trois niveaux :<br \/>Espace bien-\u00eatre int\u00e9rieur de 450 m\u00b2 et<br \/>Espace bien-\u00eatre ext\u00e9rieur sur 1.650 m\u00b2 avec :<br \/>Piscine int\u00e9rieure 84 m\u00b2, sauna panoramique avec vue sur la for\u00eat, sauna textile de jardin, sauna vapeur bio, zone de repos \"jardin\" avec chaises longues infrarouges et Deluxe-Relax, zone de repos \"vue sur la for\u00eat\" avec chaises longues Deluxe-Relax<\/p>\t\t\t\t\t\t\t\t<\/div>\n\t\t\t\t<\/div>\n\t\t\t\t<div class=\"elementor-element elementor-element-483c4e5 elementor-widget elementor-widget-button\" data-id=\"483c4e5\" data-element_type=\"widget\" data-e-type=\"widget\" data-widget_type=\"button.default\">\n\t\t\t\t<div class=\"elementor-widget-container\">\n\t\t\t\t\t\t\t\t\t<div class=\"elementor-button-wrapper\">\n\t\t\t\t\t<a class=\"elementor-button elementor-size-sm\" role=\"button\">\n\t\t\t\t\t\t<span class=\"elementor-button-content-wrapper\">\n\t\t\t\t\t\t\t\t\t<span class=\"elementor-button-text\">\ud83d\udd51 09:00 - 20:00 heures<\/span>\n\t\t\t\t\t<\/span>\n\t\t\t\t\t<\/a>\n\t\t\t\t<\/div>\n\t\t\t\t\t\t\t\t<\/div>\n\t\t\t\t<\/div>\n\t\t\t\t<\/div>\n\t\t\t\t\t<\/div>\n\t\t\t\t<\/div>\n\t\t<div class=\"elementor-element elementor-element-1651b53 e-grid elementor-hidden-mobile e-con-boxed e-con e-parent\" data-id=\"1651b53\" data-element_type=\"container\" data-e-type=\"container\" data-settings=\"{&quot;background_background&quot;:&quot;classic&quot;}\">\n\t\t\t\t\t<div class=\"e-con-inner\">\n\t\t<div class=\"elementor-element elementor-element-88c9c24 e-grid e-con-full e-con e-child\" data-id=\"88c9c24\" data-element_type=\"container\" data-e-type=\"container\" data-settings=\"{&quot;background_background&quot;:&quot;classic&quot;}\">\n\t\t\t\t<div class=\"elementor-element elementor-element-7eab749 elementor-widget elementor-widget-text-editor\" data-id=\"7eab749\" data-element_type=\"widget\" data-e-type=\"widget\" data-widget_type=\"text-editor.default\">\n\t\t\t\t<div class=\"elementor-widget-container\">\n\t\t\t\t\t\t\t\t\t<h5><span style=\"color: #666666;\">For\u00eat-Noire chic<\/span><\/h5><h2><span style=\"color: #666666;\">Buffet de snacks sucr\u00e9s et sal\u00e9s \u00e0 midi<\/span><\/h2><p>Profitez dans notre salon de la For\u00eat-Noire au Sonnhalde de notre buffet quotidien de snacks de midi \"sucr\u00e9s &amp; sal\u00e9s\" l'apr\u00e8s-midi avec des g\u00e2teaux, des petites choses sucr\u00e9es, des snacks sal\u00e9s et des th\u00e9s bien-\u00eatre au buffet. En cas de r\u00e9servation d'un forfait ou d'un forfait plaisir, le buffet de collations de midi est d\u00e9j\u00e0 inclus. Mais vous pouvez aussi le r\u00e9server individuellement pour 15,90 euros par personne.<\/p>\t\t\t\t\t\t\t\t<\/div>\n\t\t\t\t<\/div>\n\t\t\t\t<div class=\"elementor-element elementor-element-dc2f00b elementor-widget elementor-widget-button\" data-id=\"dc2f00b\" data-element_type=\"widget\" data-e-type=\"widget\" data-widget_type=\"button.default\">\n\t\t\t\t<div class=\"elementor-widget-container\">\n\t\t\t\t\t\t\t\t\t<div class=\"elementor-button-wrapper\">\n\t\t\t\t\t<a class=\"elementor-button elementor-size-sm\" role=\"button\">\n\t\t\t\t\t\t<span class=\"elementor-button-content-wrapper\">\n\t\t\t\t\t\t\t\t\t<span class=\"elementor-button-text\">\ud83d\udd51 13h30 - 16h30<\/span>\n\t\t\t\t\t<\/span>\n\t\t\t\t\t<\/a>\n\t\t\t\t<\/div>\n\t\t\t\t\t\t\t\t<\/div>\n\t\t\t\t<\/div>\n\t\t\t\t<\/div>\n\t\t\t\t<div class=\"elementor-element elementor-element-bb1fd36 elementor-widget elementor-widget-image\" data-id=\"bb1fd36\" data-element_type=\"widget\" data-e-type=\"widget\" data-widget_type=\"image.default\">\n\t\t\t\t<div class=\"elementor-widget-container\">\n\t\t\t\t\t\t\t\t\t\t\t\t\t\t\t<img decoding=\"async\" src=\"https:\/\/sonnenhof-sonnhalde.de\/wp-content\/uploads\/elementor\/thumbs\/11-1-qr0rrpjz1fpp83xbunertj5y4g9bkw78u9e0edyoio.webp\" title=\"11\" alt=\"11\" loading=\"lazy\" \/>\t\t\t\t\t\t\t\t\t\t\t\t\t\t\t<\/div>\n\t\t\t\t<\/div>\n\t\t\t\t<div class=\"elementor-element elementor-element-130ba8f elementor-widget elementor-widget-image\" data-id=\"130ba8f\" data-element_type=\"widget\" data-e-type=\"widget\" data-widget_type=\"image.default\">\n\t\t\t\t<div class=\"elementor-widget-container\">\n\t\t\t\t\t\t\t\t\t\t\t\t\t\t\t<img decoding=\"async\" src=\"https:\/\/sonnenhof-sonnhalde.de\/wp-content\/uploads\/elementor\/thumbs\/4-qqqoj5fr80w2d0curqhlgutxsiyawq63baxx9wpgv4.webp\" title=\"4.webp\" alt=\"4.webp\" loading=\"lazy\" \/>\t\t\t\t\t\t\t\t\t\t\t\t\t\t\t<\/div>\n\t\t\t\t<\/div>\n\t\t<div class=\"elementor-element elementor-element-4a1aebc e-grid e-con-full e-con e-child\" data-id=\"4a1aebc\" data-element_type=\"container\" data-e-type=\"container\" data-settings=\"{&quot;background_background&quot;:&quot;classic&quot;}\">\n\t\t\t\t<div class=\"elementor-element elementor-element-f64d74d elementor-widget elementor-widget-text-editor\" data-id=\"f64d74d\" data-element_type=\"widget\" data-e-type=\"widget\" data-widget_type=\"text-editor.default\">\n\t\t\t\t<div class=\"elementor-widget-container\">\n\t\t\t\t\t\t\t\t\t<h5><span style=\"color: #666666;\">Des heures de plaisir<\/span><\/h5><h2><span style=\"color: #666666;\">Restaurant Sonnenhof<\/span><\/h2><p>La For\u00eat-Noire ne se r\u00e9sume pas \u00e0 la tarte au kirsch ou au kirsch. \"Cuisine r\u00e9gionale haut de gamme\" : c'est sous cet aspect qu'Ulrich Blatter et son \u00e9quipe invitent les clients \u00e0 s'attarder au restaurant de l'h\u00f4tel Sonnenhof \u00e0 Birkendorf. Les ingr\u00e9dients frais utilis\u00e9s pour l'horaire culinaire proviennent exclusivement de fournisseurs r\u00e9gionaux. \u00c0 commencer par la \"viande de b\u0153uf, de veau et de porc Qualivo\" jusqu'aux sp\u00e9cialit\u00e9s fromag\u00e8res s\u00e9lectionn\u00e9es comme le fromage de montagne au go\u00fbt prononc\u00e9 ou le \"Zeppelink\u00e4se\" de la r\u00e9gion du lac de Constance.<\/p>\t\t\t\t\t\t\t\t<\/div>\n\t\t\t\t<\/div>\n\t\t\t\t<div class=\"elementor-element elementor-element-9c04744 elementor-widget elementor-widget-button\" data-id=\"9c04744\" data-element_type=\"widget\" data-e-type=\"widget\" data-widget_type=\"button.default\">\n\t\t\t\t<div class=\"elementor-widget-container\">\n\t\t\t\t\t\t\t\t\t<div class=\"elementor-button-wrapper\">\n\t\t\t\t\t<a class=\"elementor-button elementor-size-sm\" role=\"button\">\n\t\t\t\t\t\t<span class=\"elementor-button-content-wrapper\">\n\t\t\t\t\t\t\t\t\t<span class=\"elementor-button-text\">\ud83d\udd51 17:00 - 22:00 heures<\/span>\n\t\t\t\t\t<\/span>\n\t\t\t\t\t<\/a>\n\t\t\t\t<\/div>\n\t\t\t\t\t\t\t\t<\/div>\n\t\t\t\t<\/div>\n\t\t\t\t<\/div>\n\t\t\t\t\t<\/div>\n\t\t\t\t<\/div>\n\t\t<div class=\"elementor-element elementor-element-c366eec e-grid elementor-hidden-mobile e-con-boxed e-con e-parent\" data-id=\"c366eec\" data-element_type=\"container\" data-e-type=\"container\" data-settings=\"{&quot;background_background&quot;:&quot;classic&quot;}\">\n\t\t\t\t\t<div class=\"e-con-inner\">\n\t\t<div class=\"elementor-element elementor-element-496a678 e-grid e-con-full e-con e-child\" data-id=\"496a678\" data-element_type=\"container\" data-e-type=\"container\" data-settings=\"{&quot;background_background&quot;:&quot;classic&quot;}\">\n\t\t\t\t<div class=\"elementor-element elementor-element-eba0fbd elementor-widget elementor-widget-text-editor\" data-id=\"eba0fbd\" data-element_type=\"widget\" data-e-type=\"widget\" data-widget_type=\"text-editor.default\">\n\t\t\t\t<div class=\"elementor-widget-container\">\n\t\t\t\t\t\t\t\t\t<h5><span style=\"color: #666666;\">Le plaisir de l'air frais<\/span><\/h5><h2><span style=\"color: #666666;\">Terrasses du Sonnenhof<\/span><\/h2><p>Sur nos trois terrasses du Sonnenhof, vous trouverez toujours un endroit a\u00e9r\u00e9 pour d\u00e9guster un bon menu r\u00e9gional et passer la soir\u00e9e avec un petit verre de vin badois ou une bi\u00e8re blonde fra\u00eeche. Notre conseil : choisissez le d\u00e9licieux vin d'accompagnement de votre menu, le vin mousseux du vigneron est d\u00e9j\u00e0 compris dans l'ap\u00e9ritif. Nous vous souhaitons un bon app\u00e9tit !<\/p>\t\t\t\t\t\t\t\t<\/div>\n\t\t\t\t<\/div>\n\t\t\t\t<div class=\"elementor-element elementor-element-520641e elementor-widget elementor-widget-button\" data-id=\"520641e\" data-element_type=\"widget\" data-e-type=\"widget\" data-widget_type=\"button.default\">\n\t\t\t\t<div class=\"elementor-widget-container\">\n\t\t\t\t\t\t\t\t\t<div class=\"elementor-button-wrapper\">\n\t\t\t\t\t<a class=\"elementor-button elementor-size-sm\" role=\"button\">\n\t\t\t\t\t\t<span class=\"elementor-button-content-wrapper\">\n\t\t\t\t\t\t\t\t\t<span class=\"elementor-button-text\">\ud83d\udd51 17:00 - 22:00 heures<\/span>\n\t\t\t\t\t<\/span>\n\t\t\t\t\t<\/a>\n\t\t\t\t<\/div>\n\t\t\t\t\t\t\t\t<\/div>\n\t\t\t\t<\/div>\n\t\t\t\t<\/div>\n\t\t\t\t<div class=\"elementor-element elementor-element-4e6735e elementor-widget elementor-widget-image\" data-id=\"4e6735e\" data-element_type=\"widget\" data-e-type=\"widget\" data-widget_type=\"image.default\">\n\t\t\t\t<div class=\"elementor-widget-container\">\n\t\t\t\t\t\t\t\t\t\t\t\t\t\t\t<img decoding=\"async\" src=\"https:\/\/sonnenhof-sonnhalde.de\/wp-content\/uploads\/elementor\/thumbs\/5-qqqol7p07xppu7czq4l4fu3cpysastcvxiha6rnd7k.webp\" title=\"5.webp\" alt=\"5.webp\" loading=\"lazy\" \/>\t\t\t\t\t\t\t\t\t\t\t\t\t\t\t<\/div>\n\t\t\t\t<\/div>\n\t\t\t\t<div class=\"elementor-element elementor-element-32990e3 elementor-widget elementor-widget-image\" data-id=\"32990e3\" data-element_type=\"widget\" data-e-type=\"widget\" data-widget_type=\"image.default\">\n\t\t\t\t<div class=\"elementor-widget-container\">\n\t\t\t\t\t\t\t\t\t\t\t\t\t\t\t<img decoding=\"async\" src=\"https:\/\/sonnenhof-sonnhalde.de\/wp-content\/uploads\/elementor\/thumbs\/3-10-qr0r51o298otakug6uqlp91uhzypzm88e34ju7kejk.webp\" title=\"3\" alt=\"3\" loading=\"lazy\" \/>\t\t\t\t\t\t\t\t\t\t\t\t\t\t\t<\/div>\n\t\t\t\t<\/div>\n\t\t<div class=\"elementor-element elementor-element-5d41f7c e-grid e-con-full e-con e-child\" data-id=\"5d41f7c\" data-element_type=\"container\" data-e-type=\"container\" data-settings=\"{&quot;background_background&quot;:&quot;classic&quot;}\">\n\t\t\t\t<div class=\"elementor-element elementor-element-caf7758 elementor-widget elementor-widget-text-editor\" data-id=\"caf7758\" data-element_type=\"widget\" data-e-type=\"widget\" data-widget_type=\"text-editor.default\">\n\t\t\t\t<div class=\"elementor-widget-container\">\n\t\t\t\t\t\t\t\t\t<h5><span style=\"color: #666666;\">Profiter des heures de la soir\u00e9e<\/span><\/h5><h2><span style=\"color: #666666;\">Bar du soir \/ Lounge de la For\u00eat-Noire<\/span><\/h2><p>Qu'y a-t-il de plus agr\u00e9able que de terminer la soir\u00e9e apr\u00e8s un d\u00eener r\u00e9ussi dans une atmosph\u00e8re confortable et chic, au son d'une agr\u00e9able musique de salon ? Profitez du grand choix de digestifs, de vins, de long drinks ou de sp\u00e9cialit\u00e9s de caf\u00e9 et laissez-vous choyer. Vous l'avez bien m\u00e9rit\u00e9 !<\/p>\t\t\t\t\t\t\t\t<\/div>\n\t\t\t\t<\/div>\n\t\t\t\t<div class=\"elementor-element elementor-element-e4cf98e elementor-widget elementor-widget-button\" data-id=\"e4cf98e\" data-element_type=\"widget\" data-e-type=\"widget\" data-widget_type=\"button.default\">\n\t\t\t\t<div class=\"elementor-widget-container\">\n\t\t\t\t\t\t\t\t\t<div class=\"elementor-button-wrapper\">\n\t\t\t\t\t<a class=\"elementor-button elementor-size-sm\" role=\"button\">\n\t\t\t\t\t\t<span class=\"elementor-button-content-wrapper\">\n\t\t\t\t\t\t\t\t\t<span class=\"elementor-button-text\">\ud83d\udd51 20:00 - 23:30 heures<\/span>\n\t\t\t\t\t<\/span>\n\t\t\t\t\t<\/a>\n\t\t\t\t<\/div>\n\t\t\t\t\t\t\t\t<\/div>\n\t\t\t\t<\/div>\n\t\t\t\t<\/div>\n\t\t\t\t\t<\/div>\n\t\t\t\t<\/div>\n\t\t<div class=\"elementor-element elementor-element-27ae810 e-flex e-con-boxed e-con e-parent\" data-id=\"27ae810\" data-element_type=\"container\" data-e-type=\"container\">\n\t\t\t\t\t<div class=\"e-con-inner\">\n\t\t\t\t<div class=\"elementor-element elementor-element-5085f95 elementor-widget elementor-widget-spacer\" data-id=\"5085f95\" data-element_type=\"widget\" data-e-type=\"widget\" data-widget_type=\"spacer.default\">\n\t\t\t\t<div class=\"elementor-widget-container\">\n\t\t\t\t\t\t\t<div class=\"elementor-spacer\">\n\t\t\t<div class=\"elementor-spacer-inner\"><\/div>\n\t\t<\/div>\n\t\t\t\t\t\t<\/div>\n\t\t\t\t<\/div>\n\t\t\t\t\t<\/div>\n\t\t\t\t<\/div>\n\t\t<div class=\"elementor-element elementor-element-ba47cc5 e-grid elementor-hidden-desktop elementor-hidden-tablet e-con-boxed e-con e-parent\" data-id=\"ba47cc5\" data-element_type=\"container\" data-e-type=\"container\" data-settings=\"{&quot;background_background&quot;:&quot;classic&quot;}\">\n\t\t\t\t\t<div class=\"e-con-inner\">\n\t\t<div class=\"elementor-element elementor-element-35c929e e-grid e-con-full e-con e-child\" data-id=\"35c929e\" data-element_type=\"container\" data-e-type=\"container\" data-settings=\"{&quot;background_background&quot;:&quot;classic&quot;}\">\n\t\t\t\t<div class=\"elementor-element elementor-element-61c415d elementor-widget elementor-widget-text-editor\" data-id=\"61c415d\" data-element_type=\"widget\" data-e-type=\"widget\" data-widget_type=\"text-editor.default\">\n\t\t\t\t<div class=\"elementor-widget-container\">\n\t\t\t\t\t\t\t\t\t<h5><span style=\"color: #666666;\">Commencer la journ\u00e9e avec une \u00e9nergie positive<\/span><\/h5><h2><span style=\"color: #666666;\">Buffet de petit d\u00e9jeuner campagnard<\/span><\/h2><p>Le buffet du petit d\u00e9jeuner campagnard de la For\u00eat-Noire vous propose un grand choix de plats chauds et froids, des produits frais et r\u00e9gionaux, un grand assortiment de th\u00e9s, des sp\u00e9cialit\u00e9s de caf\u00e9 et une s\u00e9lection de boissons. M\u00eame les l\u00e8ve-tard trouveront leur compte chez nous, car le buffet est \u00e0 votre disposition de 07h00 \u00e0 10h00. Vous pouvez choisir librement votre place dans le salon, le lounge ou sur les terrasses.<\/p>\t\t\t\t\t\t\t\t<\/div>\n\t\t\t\t<\/div>\n\t\t\t\t<div class=\"elementor-element elementor-element-fb6acd5 elementor-widget elementor-widget-button\" data-id=\"fb6acd5\" data-element_type=\"widget\" data-e-type=\"widget\" data-widget_type=\"button.default\">\n\t\t\t\t<div class=\"elementor-widget-container\">\n\t\t\t\t\t\t\t\t\t<div class=\"elementor-button-wrapper\">\n\t\t\t\t\t<a class=\"elementor-button elementor-size-sm\" role=\"button\">\n\t\t\t\t\t\t<span class=\"elementor-button-content-wrapper\">\n\t\t\t\t\t\t\t\t\t<span class=\"elementor-button-text\">\ud83d\udd51 07:00 - 10:00 heures<\/span>\n\t\t\t\t\t<\/span>\n\t\t\t\t\t<\/a>\n\t\t\t\t<\/div>\n\t\t\t\t\t\t\t\t<\/div>\n\t\t\t\t<\/div>\n\t\t\t\t<\/div>\n\t\t\t\t<div class=\"elementor-element elementor-element-aee45a6 elementor-widget elementor-widget-image\" data-id=\"aee45a6\" data-element_type=\"widget\" data-e-type=\"widget\" data-widget_type=\"image.default\">\n\t\t\t\t<div class=\"elementor-widget-container\">\n\t\t\t\t\t\t\t\t\t\t\t\t\t\t\t<img decoding=\"async\" src=\"https:\/\/sonnenhof-sonnhalde.de\/wp-content\/uploads\/elementor\/thumbs\/3-qqqohha32mlppys8j0hh1a0frv6t83j9r16uk76nxc.webp\" title=\"3.webp\" alt=\"3.webp\" loading=\"lazy\" \/>\t\t\t\t\t\t\t\t\t\t\t\t\t\t\t<\/div>\n\t\t\t\t<\/div>\n\t\t<div class=\"elementor-element elementor-element-34a654c e-grid e-con-full e-con e-child\" data-id=\"34a654c\" data-element_type=\"container\" data-e-type=\"container\" data-settings=\"{&quot;background_background&quot;:&quot;classic&quot;}\">\n\t\t\t\t<div class=\"elementor-element elementor-element-815b8e3 elementor-widget elementor-widget-text-editor\" data-id=\"815b8e3\" data-element_type=\"widget\" data-e-type=\"widget\" data-widget_type=\"text-editor.default\">\n\t\t\t\t<div class=\"elementor-widget-container\">\n\t\t\t\t\t\t\t\t\t<h5><span style=\"color: #666666;\">Se d\u00e9tendre \u00e0 800 m\u00e8tres<\/span><\/h5><h2><span style=\"color: #666666;\">Espace bien-\u00eatre<\/span><\/h2><p>Se calmer... se d\u00e9tendre... profiter...<br \/>Voici ce que vous offre en un coup d'\u0153il l'espace bien-\u00eatre de la maison principale Sonnhalde, r\u00e9parti sur trois niveaux :<br \/>Espace bien-\u00eatre int\u00e9rieur de 450 m\u00b2 et<br \/>Espace bien-\u00eatre ext\u00e9rieur sur 1.650 m\u00b2 avec :<br \/>Piscine int\u00e9rieure 84 m\u00b2, sauna panoramique avec vue sur la for\u00eat, sauna textile de jardin, sauna vapeur bio, zone de repos \"jardin\" avec chaises longues infrarouges et Deluxe-Relax, zone de repos \"vue sur la for\u00eat\" avec chaises longues Deluxe-Relax<\/p>\t\t\t\t\t\t\t\t<\/div>\n\t\t\t\t<\/div>\n\t\t\t\t<div class=\"elementor-element elementor-element-497adff elementor-widget elementor-widget-button\" data-id=\"497adff\" data-element_type=\"widget\" data-e-type=\"widget\" data-widget_type=\"button.default\">\n\t\t\t\t<div class=\"elementor-widget-container\">\n\t\t\t\t\t\t\t\t\t<div class=\"elementor-button-wrapper\">\n\t\t\t\t\t<a class=\"elementor-button elementor-size-sm\" role=\"button\">\n\t\t\t\t\t\t<span class=\"elementor-button-content-wrapper\">\n\t\t\t\t\t\t\t\t\t<span class=\"elementor-button-text\">\ud83d\udd51 09:00 - 20:00 heures<\/span>\n\t\t\t\t\t<\/span>\n\t\t\t\t\t<\/a>\n\t\t\t\t<\/div>\n\t\t\t\t\t\t\t\t<\/div>\n\t\t\t\t<\/div>\n\t\t\t\t<\/div>\n\t\t\t\t<div class=\"elementor-element elementor-element-5fe10f2 elementor-widget elementor-widget-image\" data-id=\"5fe10f2\" data-element_type=\"widget\" data-e-type=\"widget\" data-widget_type=\"image.default\">\n\t\t\t\t<div class=\"elementor-widget-container\">\n\t\t\t\t\t\t\t\t\t\t\t\t\t\t\t<img decoding=\"async\" src=\"https:\/\/sonnenhof-sonnhalde.de\/wp-content\/uploads\/elementor\/thumbs\/2-3-qqv9t3tgi9xi0xpr7mx0rem6twdqyv2tcuhqsune74.webp\" title=\"2\" alt=\"2\" loading=\"lazy\" \/>\t\t\t\t\t\t\t\t\t\t\t\t\t\t\t<\/div>\n\t\t\t\t<\/div>\n\t\t\t\t\t<\/div>\n\t\t\t\t<\/div>\n\t\t<div class=\"elementor-element elementor-element-060748e e-grid elementor-hidden-desktop elementor-hidden-tablet e-con-boxed e-con e-parent\" data-id=\"060748e\" data-element_type=\"container\" data-e-type=\"container\" data-settings=\"{&quot;background_background&quot;:&quot;classic&quot;}\">\n\t\t\t\t\t<div class=\"e-con-inner\">\n\t\t<div class=\"elementor-element elementor-element-4a11bac e-grid e-con-full e-con e-child\" data-id=\"4a11bac\" data-element_type=\"container\" data-e-type=\"container\" data-settings=\"{&quot;background_background&quot;:&quot;classic&quot;}\">\n\t\t\t\t<div class=\"elementor-element elementor-element-3671f6f elementor-widget elementor-widget-text-editor\" data-id=\"3671f6f\" data-element_type=\"widget\" data-e-type=\"widget\" data-widget_type=\"text-editor.default\">\n\t\t\t\t<div class=\"elementor-widget-container\">\n\t\t\t\t\t\t\t\t\t<h5><span style=\"color: #666666;\">For\u00eat-Noire chic<\/span><\/h5><h2><span style=\"color: #666666;\">Buffet de snacks sucr\u00e9s et sal\u00e9s \u00e0 midi<\/span><\/h2><p>Profitez dans notre salon de la For\u00eat-Noire au Sonnhalde de notre buffet quotidien de snacks de midi \"sucr\u00e9s &amp; sal\u00e9s\" l'apr\u00e8s-midi avec des g\u00e2teaux, des petites choses sucr\u00e9es, des snacks sal\u00e9s et des th\u00e9s bien-\u00eatre au buffet. En cas de r\u00e9servation d'un forfait ou d'un forfait plaisir, le buffet de collations de midi est d\u00e9j\u00e0 inclus. Mais vous pouvez aussi le r\u00e9server individuellement pour 15,90 euros par personne.<\/p>\t\t\t\t\t\t\t\t<\/div>\n\t\t\t\t<\/div>\n\t\t\t\t<div class=\"elementor-element elementor-element-f24d771 elementor-widget elementor-widget-button\" data-id=\"f24d771\" data-element_type=\"widget\" data-e-type=\"widget\" data-widget_type=\"button.default\">\n\t\t\t\t<div class=\"elementor-widget-container\">\n\t\t\t\t\t\t\t\t\t<div class=\"elementor-button-wrapper\">\n\t\t\t\t\t<a class=\"elementor-button elementor-size-sm\" role=\"button\">\n\t\t\t\t\t\t<span class=\"elementor-button-content-wrapper\">\n\t\t\t\t\t\t\t\t\t<span class=\"elementor-button-text\">\ud83d\udd51 13h30 - 16h30<\/span>\n\t\t\t\t\t<\/span>\n\t\t\t\t\t<\/a>\n\t\t\t\t<\/div>\n\t\t\t\t\t\t\t\t<\/div>\n\t\t\t\t<\/div>\n\t\t\t\t<\/div>\n\t\t\t\t<div class=\"elementor-element elementor-element-f274186 elementor-widget elementor-widget-image\" data-id=\"f274186\" data-element_type=\"widget\" data-e-type=\"widget\" data-widget_type=\"image.default\">\n\t\t\t\t<div class=\"elementor-widget-container\">\n\t\t\t\t\t\t\t\t\t\t\t\t\t\t\t<img decoding=\"async\" src=\"https:\/\/sonnenhof-sonnhalde.de\/wp-content\/uploads\/elementor\/thumbs\/11-1-qr0rrpjz1fpp83xbunertj5y4g9bkw78u9e0edyoio.webp\" title=\"11\" alt=\"11\" loading=\"lazy\" \/>\t\t\t\t\t\t\t\t\t\t\t\t\t\t\t<\/div>\n\t\t\t\t<\/div>\n\t\t<div class=\"elementor-element elementor-element-6ed146d e-grid e-con-full e-con e-child\" data-id=\"6ed146d\" data-element_type=\"container\" data-e-type=\"container\" data-settings=\"{&quot;background_background&quot;:&quot;classic&quot;}\">\n\t\t\t\t<div class=\"elementor-element elementor-element-971cd41 elementor-widget elementor-widget-text-editor\" data-id=\"971cd41\" data-element_type=\"widget\" data-e-type=\"widget\" data-widget_type=\"text-editor.default\">\n\t\t\t\t<div class=\"elementor-widget-container\">\n\t\t\t\t\t\t\t\t\t<h5><span style=\"color: #666666;\">Des heures de plaisir<\/span><\/h5><h2><span style=\"color: #666666;\">Restaurant Sonnenhof<\/span><\/h2><p>La For\u00eat-Noire ne se r\u00e9sume pas \u00e0 la tarte au kirsch ou au kirsch. \"Cuisine r\u00e9gionale haut de gamme\" : c'est sous cet aspect qu'Ulrich Blatter et son \u00e9quipe invitent les clients \u00e0 s'attarder au restaurant de l'h\u00f4tel Sonnenhof \u00e0 Birkendorf. Les ingr\u00e9dients frais utilis\u00e9s pour l'horaire culinaire proviennent exclusivement de fournisseurs r\u00e9gionaux. \u00c0 commencer par la \"viande de b\u0153uf, de veau et de porc Qualivo\" jusqu'aux sp\u00e9cialit\u00e9s fromag\u00e8res s\u00e9lectionn\u00e9es comme le fromage de montagne au go\u00fbt prononc\u00e9 ou le \"Zeppelink\u00e4se\" de la r\u00e9gion du lac de Constance.<\/p>\t\t\t\t\t\t\t\t<\/div>\n\t\t\t\t<\/div>\n\t\t\t\t<div class=\"elementor-element elementor-element-3f11db8 elementor-widget elementor-widget-button\" data-id=\"3f11db8\" data-element_type=\"widget\" data-e-type=\"widget\" data-widget_type=\"button.default\">\n\t\t\t\t<div class=\"elementor-widget-container\">\n\t\t\t\t\t\t\t\t\t<div class=\"elementor-button-wrapper\">\n\t\t\t\t\t<a class=\"elementor-button elementor-size-sm\" role=\"button\">\n\t\t\t\t\t\t<span class=\"elementor-button-content-wrapper\">\n\t\t\t\t\t\t\t\t\t<span class=\"elementor-button-text\">\ud83d\udd51 17:00 - 22:00 heures<\/span>\n\t\t\t\t\t<\/span>\n\t\t\t\t\t<\/a>\n\t\t\t\t<\/div>\n\t\t\t\t\t\t\t\t<\/div>\n\t\t\t\t<\/div>\n\t\t\t\t<\/div>\n\t\t\t\t<div class=\"elementor-element elementor-element-18deb56 elementor-widget elementor-widget-image\" data-id=\"18deb56\" data-element_type=\"widget\" data-e-type=\"widget\" data-widget_type=\"image.default\">\n\t\t\t\t<div class=\"elementor-widget-container\">\n\t\t\t\t\t\t\t\t\t\t\t\t\t\t\t<img decoding=\"async\" src=\"https:\/\/sonnenhof-sonnhalde.de\/wp-content\/uploads\/elementor\/thumbs\/4-qqqoj5fr80w2d0curqhlgutxsiyawq63baxx9wpgv4.webp\" title=\"4.webp\" alt=\"4.webp\" loading=\"lazy\" \/>\t\t\t\t\t\t\t\t\t\t\t\t\t\t\t<\/div>\n\t\t\t\t<\/div>\n\t\t\t\t\t<\/div>\n\t\t\t\t<\/div>\n\t\t<div class=\"elementor-element elementor-element-9a82318 e-grid elementor-hidden-desktop elementor-hidden-tablet e-con-boxed e-con e-parent\" data-id=\"9a82318\" data-element_type=\"container\" data-e-type=\"container\" data-settings=\"{&quot;background_background&quot;:&quot;classic&quot;}\">\n\t\t\t\t\t<div class=\"e-con-inner\">\n\t\t<div class=\"elementor-element elementor-element-0e58ff6 e-grid e-con-full e-con e-child\" data-id=\"0e58ff6\" data-element_type=\"container\" data-e-type=\"container\" data-settings=\"{&quot;background_background&quot;:&quot;classic&quot;}\">\n\t\t\t\t<div class=\"elementor-element elementor-element-8116587 elementor-widget elementor-widget-text-editor\" data-id=\"8116587\" data-element_type=\"widget\" data-e-type=\"widget\" data-widget_type=\"text-editor.default\">\n\t\t\t\t<div class=\"elementor-widget-container\">\n\t\t\t\t\t\t\t\t\t<h5><span style=\"color: #666666;\">Le plaisir de l'air frais<\/span><\/h5><h2><span style=\"color: #666666;\">Terrasses du Sonnenhof<\/span><\/h2><p>Sur nos trois terrasses du Sonnenhof, vous trouverez toujours un endroit a\u00e9r\u00e9 pour d\u00e9guster un bon menu r\u00e9gional et passer la soir\u00e9e avec un petit verre de vin badois ou une bi\u00e8re blonde fra\u00eeche. Notre conseil : choisissez le d\u00e9licieux vin d'accompagnement de votre menu, le vin mousseux du vigneron est d\u00e9j\u00e0 compris dans l'ap\u00e9ritif. Nous vous souhaitons un bon app\u00e9tit !<\/p>\t\t\t\t\t\t\t\t<\/div>\n\t\t\t\t<\/div>\n\t\t\t\t<div class=\"elementor-element elementor-element-21cd575 elementor-widget elementor-widget-button\" data-id=\"21cd575\" data-element_type=\"widget\" data-e-type=\"widget\" data-widget_type=\"button.default\">\n\t\t\t\t<div class=\"elementor-widget-container\">\n\t\t\t\t\t\t\t\t\t<div class=\"elementor-button-wrapper\">\n\t\t\t\t\t<a class=\"elementor-button elementor-size-sm\" role=\"button\">\n\t\t\t\t\t\t<span class=\"elementor-button-content-wrapper\">\n\t\t\t\t\t\t\t\t\t<span class=\"elementor-button-text\">\ud83d\udd51 17:00 - 22:00 heures<\/span>\n\t\t\t\t\t<\/span>\n\t\t\t\t\t<\/a>\n\t\t\t\t<\/div>\n\t\t\t\t\t\t\t\t<\/div>\n\t\t\t\t<\/div>\n\t\t\t\t<\/div>\n\t\t\t\t<div class=\"elementor-element elementor-element-88f32c5 elementor-widget elementor-widget-image\" data-id=\"88f32c5\" data-element_type=\"widget\" data-e-type=\"widget\" data-widget_type=\"image.default\">\n\t\t\t\t<div class=\"elementor-widget-container\">\n\t\t\t\t\t\t\t\t\t\t\t\t\t\t\t<img decoding=\"async\" src=\"https:\/\/sonnenhof-sonnhalde.de\/wp-content\/uploads\/elementor\/thumbs\/5-qqqol7p07xppu7czq4l4fu3cpysastcvxiha6rnd7k.webp\" title=\"5.webp\" alt=\"5.webp\" loading=\"lazy\" \/>\t\t\t\t\t\t\t\t\t\t\t\t\t\t\t<\/div>\n\t\t\t\t<\/div>\n\t\t<div class=\"elementor-element elementor-element-d12ba2f e-grid e-con-full e-con e-child\" data-id=\"d12ba2f\" data-element_type=\"container\" data-e-type=\"container\" data-settings=\"{&quot;background_background&quot;:&quot;classic&quot;}\">\n\t\t\t\t<div class=\"elementor-element elementor-element-6807b66 elementor-widget elementor-widget-text-editor\" data-id=\"6807b66\" data-element_type=\"widget\" data-e-type=\"widget\" data-widget_type=\"text-editor.default\">\n\t\t\t\t<div class=\"elementor-widget-container\">\n\t\t\t\t\t\t\t\t\t<h5><span style=\"color: #666666;\">Profiter des heures de la soir\u00e9e<\/span><\/h5><h2><span style=\"color: #666666;\">Bar du soir \/ Lounge de la For\u00eat-Noire<\/span><\/h2><p>Qu'y a-t-il de plus agr\u00e9able que de terminer la soir\u00e9e apr\u00e8s un d\u00eener r\u00e9ussi dans une atmosph\u00e8re confortable et chic, au son d'une agr\u00e9able musique de salon ? Profitez du grand choix de digestifs, de vins, de long drinks ou de sp\u00e9cialit\u00e9s de caf\u00e9 et laissez-vous choyer. Vous l'avez bien m\u00e9rit\u00e9 !<\/p>\t\t\t\t\t\t\t\t<\/div>\n\t\t\t\t<\/div>\n\t\t\t\t<div class=\"elementor-element elementor-element-8b11206 elementor-widget elementor-widget-button\" data-id=\"8b11206\" data-element_type=\"widget\" data-e-type=\"widget\" data-widget_type=\"button.default\">\n\t\t\t\t<div class=\"elementor-widget-container\">\n\t\t\t\t\t\t\t\t\t<div class=\"elementor-button-wrapper\">\n\t\t\t\t\t<a class=\"elementor-button elementor-size-sm\" role=\"button\">\n\t\t\t\t\t\t<span class=\"elementor-button-content-wrapper\">\n\t\t\t\t\t\t\t\t\t<span class=\"elementor-button-text\">\ud83d\udd51 20:00 - 23:30 heures<\/span>\n\t\t\t\t\t<\/span>\n\t\t\t\t\t<\/a>\n\t\t\t\t<\/div>\n\t\t\t\t\t\t\t\t<\/div>\n\t\t\t\t<\/div>\n\t\t\t\t<\/div>\n\t\t\t\t<div class=\"elementor-element elementor-element-cc0e145 elementor-widget elementor-widget-image\" data-id=\"cc0e145\" data-element_type=\"widget\" data-e-type=\"widget\" data-widget_type=\"image.default\">\n\t\t\t\t<div class=\"elementor-widget-container\">\n\t\t\t\t\t\t\t\t\t\t\t\t\t\t\t<img decoding=\"async\" src=\"https:\/\/sonnenhof-sonnhalde.de\/wp-content\/uploads\/elementor\/thumbs\/3-10-qr0r51o298otakug6uqlp91uhzypzm88e34ju7kejk.webp\" title=\"3\" alt=\"3\" loading=\"lazy\" \/>\t\t\t\t\t\t\t\t\t\t\t\t\t\t\t<\/div>\n\t\t\t\t<\/div>\n\t\t\t\t\t<\/div>\n\t\t\t\t<\/div>\n\t\t<div class=\"elementor-element elementor-element-dd10818 e-flex e-con-boxed e-con e-parent\" data-id=\"dd10818\" data-element_type=\"container\" data-e-type=\"container\">\n\t\t\t\t\t<div class=\"e-con-inner\">\n\t\t\t\t<div class=\"elementor-element elementor-element-5048bc2 elementor-widget elementor-widget-spacer\" data-id=\"5048bc2\" data-element_type=\"widget\" data-e-type=\"widget\" data-widget_type=\"spacer.default\">\n\t\t\t\t<div class=\"elementor-widget-container\">\n\t\t\t\t\t\t\t<div class=\"elementor-spacer\">\n\t\t\t<div class=\"elementor-spacer-inner\"><\/div>\n\t\t<\/div>\n\t\t\t\t\t\t<\/div>\n\t\t\t\t<\/div>\n\t\t\t\t\t<\/div>\n\t\t\t\t<\/div>\n\t\t\t\t<\/div>","protected":false},"excerpt":{"rendered":"<p>Wer hat an der Uhr gedreht&#8230; \u00d6ffnungszeiten Sie planen einen Aufenthalt in unserem Hotel? Hier online buchen und bis zu 35 % sparen! Verf\u00fcgbarkeit pr\u00fcfen \u00d6ffnungszeiten im \u00dcberblick Mit positiver Energie in den Tag Landfr\u00fchst\u00fccksb\u00fcffet Das Schwarzw\u00e4lder Landfr\u00fchst\u00fccksb\u00fcffet bietet Ihnen eine gro\u00dfe Auswahl an kalten und warmen Speisen, frischen, regionalen Produkten, gro\u00dfem Teesortiment, Kaffeespezialit\u00e4ten und [&hellip;]<\/p>\n","protected":false},"author":3,"featured_media":0,"parent":0,"menu_order":0,"comment_status":"closed","ping_status":"closed","template":"","meta":{"footnotes":""},"class_list":["post-3224","page","type-page","status-publish","hentry"],"_links":{"self":[{"href":"https:\/\/sonnenhof-sonnhalde.de\/fr\/wp-json\/wp\/v2\/pages\/3224","targetHints":{"allow":["GET"]}}],"collection":[{"href":"https:\/\/sonnenhof-sonnhalde.de\/fr\/wp-json\/wp\/v2\/pages"}],"about":[{"href":"https:\/\/sonnenhof-sonnhalde.de\/fr\/wp-json\/wp\/v2\/types\/page"}],"author":[{"embeddable":true,"href":"https:\/\/sonnenhof-sonnhalde.de\/fr\/wp-json\/wp\/v2\/users\/3"}],"replies":[{"embeddable":true,"href":"https:\/\/sonnenhof-sonnhalde.de\/fr\/wp-json\/wp\/v2\/comments?post=3224"}],"version-history":[{"count":14,"href":"https:\/\/sonnenhof-sonnhalde.de\/fr\/wp-json\/wp\/v2\/pages\/3224\/revisions"}],"predecessor-version":[{"id":11253,"href":"https:\/\/sonnenhof-sonnhalde.de\/fr\/wp-json\/wp\/v2\/pages\/3224\/revisions\/11253"}],"wp:attachment":[{"href":"https:\/\/sonnenhof-sonnhalde.de\/fr\/wp-json\/wp\/v2\/media?parent=3224"}],"curies":[{"name":"wp","href":"https:\/\/api.w.org\/{rel}","templated":true}]}}